{"id":145801,"date":"2025-12-18T18:28:23","date_gmt":"2025-12-18T17:28:23","guid":{"rendered":"https:\/\/lavozdeibiza.com\/event\/new-years-eve-music-by-candlelight-with-eivissa-daurada\/"},"modified":"2025-12-18T18:28:23","modified_gmt":"2025-12-18T17:28:23","slug":"new-years-eve-music-by-candlelight-with-eivissa-daurada","status":"publish","type":"tribe_events","link":"https:\/\/lavozdeibiza.com\/en\/event\/new-years-eve-music-by-candlelight-with-eivissa-daurada\/","title":{"rendered":"New Year&#8217;s Eve music by candlelight with Eivissa Daurada"},"content":{"rendered":"<p data-start=\"67\" data-end=\"166\"><strong data-start=\"67\" data-end=\"77\">Date:<\/strong> Friday, January 2, 2026<\/p>\n<p data-start=\"67\" data-end=\"166\"><strong data-start=\"108\" data-end=\"117\">Time:<\/strong> 20:00 hours<\/p>\n<p data-start=\"67\" data-end=\"166\"><strong data-start=\"132\" data-end=\"142\" data-is-only-node=\"\">Venue:<\/strong> Cine Regio, San Antonio<\/p>\n<p data-start=\"168\" data-end=\"433\">Eivissa Daurada Concerts offers a very special musical experience to start the year with an intimate and enveloping concert, illuminated by the light of more than a thousand candles. An event designed to enjoy music in an atmosphere full of sensitivity and emotion. <\/p>\n<p data-start=\"435\" data-end=\"752\">The repertoire includes soundtracks and unforgettable melodies, performed by Carlos Vesperinas on cello and synthesizers, Rams\u00e9s Puente on violin, Joan Carles Mar\u00ed on percussion and Samuel P\u00e9rez on piano and synthesizers. An instrumental combination that envelops the audience in a warm and careful atmosphere. <\/p>\n<p data-start=\"754\" data-end=\"1069\" data-is-last-node=\"\" data-is-only-node=\"\">The concert will take place at the Cine Regio in San Antonio and is produced by Eivissa Esc\u00e8nica with the collaboration of the City Council of San Antonio. Tickets are priced at 15 euros and are available online. An ideal proposal to enjoy music in a different way in the first days of the year.  <\/p>\n","protected":false},"excerpt":{"rendered":"<p>Date: Friday, January 2, 2026 Time: 20:00 hours Venue: Cine Regio, San Antonio Eivissa Daurada Concerts offers a very special musical experience to start the year with an intimate and [&hellip;]<\/p>\n","protected":false},"author":3,"featured_media":145798,"template":"","meta":{"_acf_changed":false,"site-sidebar-layout":"default","site-content-layout":"","ast-site-content-layout":"default","site-content-style":"default","site-sidebar-style":"default","ast-global-header-display":"","ast-banner-title-visibility":"","ast-main-header-display":"","ast-hfb-above-header-display":"","ast-hfb-below-header-display":"","ast-hfb-mobile-header-display":"","site-post-title":"","ast-breadcrumbs-content":"","ast-featured-img":"","footer-sml-layout":"","ast-disable-related-posts":"","theme-transparent-header-meta":"default","adv-header-id-meta":"","stick-header-meta":"","header-above-stick-meta":"","header-main-stick-meta":"","header-below-stick-meta":"","astra-migrate-meta-layouts":"default","ast-page-background-enabled":"default","ast-page-background-meta":{"desktop":{"background-color":"var(--ast-global-color-4)","background-image":"","background-repeat":"repeat","background-position":"center center","background-size":"auto","background-attachment":"scroll","background-type":"","background-media":"","overlay-type":"","overlay-color":"","overlay-opacity":"","overlay-gradient":""},"tablet":{"background-color":"","background-image":"","background-repeat":"repeat","background-position":"center center","background-size":"auto","background-attachment":"scroll","background-type":"","background-media":"","overlay-type":"","overlay-color":"","overlay-opacity":"","overlay-gradient":""},"mobile":{"background-color":"","background-image":"","background-repeat":"repeat","background-position":"center center","background-size":"auto","background-attachment":"scroll","background-type":"","background-media":"","overlay-type":"","overlay-color":"","overlay-opacity":"","overlay-gradient":""}},"ast-content-background-meta":{"desktop":{"background-color":"var(--ast-global-color-5)","background-image":"","background-repeat":"repeat","background-position":"center center","background-size":"auto","background-attachment":"scroll","background-type":"","background-media":"","overlay-type":"","overlay-color":"","overlay-opacity":"","overlay-gradient":""},"tablet":{"background-color":"var(--ast-global-color-5)","background-image":"","background-repeat":"repeat","background-position":"center center","background-size":"auto","background-attachment":"scroll","background-type":"","background-media":"","overlay-type":"","overlay-color":"","overlay-opacity":"","overlay-gradient":""},"mobile":{"background-color":"var(--ast-global-color-5)","background-image":"","background-repeat":"repeat","background-position":"center center","background-size":"auto","background-attachment":"scroll","background-type":"","background-media":"","overlay-type":"","overlay-color":"","overlay-opacity":"","overlay-gradient":""}},"_tribe_events_status":"","_tribe_events_status_reason":"","_tribe_events_is_hybrid":"","_tribe_events_is_virtual":"","_tribe_events_virtual_video_source":"","_tribe_events_virtual_embed_video":"","_tribe_events_virtual_linked_button_text":"","_tribe_events_virtual_linked_button":"","_tribe_events_virtual_show_embed_at":"","_tribe_events_virtual_show_embed_to":[],"_tribe_events_virtual_show_on_event":"","_tribe_events_virtual_show_on_views":"","_tribe_events_virtual_url":"","footnotes":""},"tags":[3682],"tribe_events_cat":[8519],"class_list":["post-145801","tribe_events","type-tribe_events","status-publish","has-post-thumbnail","hentry","tag-music","tribe_events_cat-music","cat_music"],"acf":[],"yoast_head":"<!-- This site is optimized with the Yoast SEO plugin v27.4 - https:\/\/yoast.com\/product\/yoast-seo-wordpress\/ -->\n<title>New Year&#039;s Eve music by candlelight with Eivissa Daurada - La Voz De Ibiza<\/title>\n<meta name=\"robots\" content=\"index, follow, max-snippet:-1, max-image-preview:large, max-video-preview:-1\" \/>\n<link rel=\"canonical\" href=\"https:\/\/lavozdeibiza.com\/en\/event\/new-years-eve-music-by-candlelight-with-eivissa-daurada\/\" \/>\n<meta property=\"og:locale\" content=\"en_US\" \/>\n<meta property=\"og:type\" content=\"article\" \/>\n<meta property=\"og:title\" content=\"New Year&#039;s Eve music by candlelight with Eivissa Daurada - La Voz De Ibiza\" \/>\n<meta property=\"og:description\" content=\"Date: Friday, January 2, 2026 Time: 20:00 hours Venue: Cine Regio, San Antonio Eivissa Daurada Concerts offers a very special musical experience to start the year with an intimate and [&hellip;]\" \/>\n<meta property=\"og:url\" content=\"https:\/\/lavozdeibiza.com\/en\/event\/new-years-eve-music-by-candlelight-with-eivissa-daurada\/\" \/>\n<meta property=\"og:site_name\" content=\"La Voz De Ibiza\" \/>\n<meta property=\"og:image\" content=\"https:\/\/lavozdeibiza.com\/wp-content\/uploads\/2025\/12\/ed.jpg\" \/>\n\t<meta property=\"og:image:width\" content=\"1280\" \/>\n\t<meta property=\"og:image:height\" content=\"854\" \/>\n\t<meta property=\"og:image:type\" content=\"image\/jpeg\" \/>\n<meta name=\"twitter:card\" content=\"summary_large_image\" \/>\n<meta name=\"twitter:site\" content=\"@vozdeibiza\" \/>\n<meta name=\"twitter:label1\" content=\"Est. reading time\" \/>\n\t<meta name=\"twitter:data1\" content=\"1 minute\" \/>\n<script type=\"application\/ld+json\" class=\"yoast-schema-graph\">{\"@context\":\"https:\\\/\\\/schema.org\",\"@graph\":[{\"@type\":\"WebPage\",\"@id\":\"https:\\\/\\\/lavozdeibiza.com\\\/en\\\/event\\\/new-years-eve-music-by-candlelight-with-eivissa-daurada\\\/\",\"url\":\"https:\\\/\\\/lavozdeibiza.com\\\/en\\\/event\\\/new-years-eve-music-by-candlelight-with-eivissa-daurada\\\/\",\"name\":\"New Year's Eve music by candlelight with Eivissa Daurada - La Voz De Ibiza\",\"isPartOf\":{\"@id\":\"https:\\\/\\\/lavozdeibiza.com\\\/en\\\/#website\"},\"primaryImageOfPage\":{\"@id\":\"https:\\\/\\\/lavozdeibiza.com\\\/en\\\/event\\\/new-years-eve-music-by-candlelight-with-eivissa-daurada\\\/#primaryimage\"},\"image\":{\"@id\":\"https:\\\/\\\/lavozdeibiza.com\\\/en\\\/event\\\/new-years-eve-music-by-candlelight-with-eivissa-daurada\\\/#primaryimage\"},\"thumbnailUrl\":\"https:\\\/\\\/lavozdeibiza.com\\\/wp-content\\\/uploads\\\/2025\\\/12\\\/ed.jpg\",\"datePublished\":\"2025-12-18T17:28:23+00:00\",\"breadcrumb\":{\"@id\":\"https:\\\/\\\/lavozdeibiza.com\\\/en\\\/event\\\/new-years-eve-music-by-candlelight-with-eivissa-daurada\\\/#breadcrumb\"},\"inLanguage\":\"en-US\",\"potentialAction\":[{\"@type\":\"ReadAction\",\"target\":[\"https:\\\/\\\/lavozdeibiza.com\\\/en\\\/event\\\/new-years-eve-music-by-candlelight-with-eivissa-daurada\\\/\"]}]},{\"@type\":\"ImageObject\",\"inLanguage\":\"en-US\",\"@id\":\"https:\\\/\\\/lavozdeibiza.com\\\/en\\\/event\\\/new-years-eve-music-by-candlelight-with-eivissa-daurada\\\/#primaryimage\",\"url\":\"https:\\\/\\\/lavozdeibiza.com\\\/wp-content\\\/uploads\\\/2025\\\/12\\\/ed.jpg\",\"contentUrl\":\"https:\\\/\\\/lavozdeibiza.com\\\/wp-content\\\/uploads\\\/2025\\\/12\\\/ed.jpg\",\"width\":1280,\"height\":854},{\"@type\":\"BreadcrumbList\",\"@id\":\"https:\\\/\\\/lavozdeibiza.com\\\/en\\\/event\\\/new-years-eve-music-by-candlelight-with-eivissa-daurada\\\/#breadcrumb\",\"itemListElement\":[{\"@type\":\"ListItem\",\"position\":1,\"name\":\"Portada\",\"item\":\"https:\\\/\\\/lavozdeibiza.com\\\/en\\\/\"},{\"@type\":\"ListItem\",\"position\":2,\"name\":\"Events\",\"item\":\"https:\\\/\\\/lavozdeibiza.com\\\/en\\\/events\\\/\"},{\"@type\":\"ListItem\",\"position\":3,\"name\":\"New Year&#8217;s Eve music by candlelight with Eivissa Daurada\"}]},{\"@type\":\"WebSite\",\"@id\":\"https:\\\/\\\/lavozdeibiza.com\\\/en\\\/#website\",\"url\":\"https:\\\/\\\/lavozdeibiza.com\\\/en\\\/\",\"name\":\"La Voz de Ibiza\",\"description\":\"Diario de informaci\u00f3n actualidad y noticias de Ibiza. Todas las noticias de los municipios de Ibiza\",\"publisher\":{\"@id\":\"https:\\\/\\\/lavozdeibiza.com\\\/en\\\/#organization\"},\"potentialAction\":[{\"@type\":\"SearchAction\",\"target\":{\"@type\":\"EntryPoint\",\"urlTemplate\":\"https:\\\/\\\/lavozdeibiza.com\\\/en\\\/?s={search_term_string}\"},\"query-input\":{\"@type\":\"PropertyValueSpecification\",\"valueRequired\":true,\"valueName\":\"search_term_string\"}}],\"inLanguage\":\"en-US\"},{\"@type\":[\"Organization\",\"NewsMediaOrganization\"],\"@id\":\"https:\\\/\\\/lavozdeibiza.com\\\/en\\\/#organization\",\"name\":\"La Voz de Ibiza\",\"url\":\"https:\\\/\\\/lavozdeibiza.com\\\/en\\\/\",\"logo\":{\"@type\":\"ImageObject\",\"inLanguage\":\"en-US\",\"@id\":\"https:\\\/\\\/lavozdeibiza.com\\\/en\\\/#\\\/schema\\\/logo\\\/image\\\/\",\"url\":\"https:\\\/\\\/lavozdeibiza.com\\\/wp-content\\\/uploads\\\/2023\\\/10\\\/logo-lvib-grande.jpg\",\"contentUrl\":\"https:\\\/\\\/lavozdeibiza.com\\\/wp-content\\\/uploads\\\/2023\\\/10\\\/logo-lvib-grande.jpg\",\"width\":1500,\"height\":1000,\"caption\":\"La Voz de Ibiza\"},\"image\":{\"@id\":\"https:\\\/\\\/lavozdeibiza.com\\\/en\\\/#\\\/schema\\\/logo\\\/image\\\/\"},\"sameAs\":[\"https:\\\/\\\/x.com\\\/vozdeibiza\",\"https:\\\/\\\/www.instagram.com\\\/lavozibiza\\\/\"]},{\"@type\":\"SiteNavigationElement\",\"@id\":\"https:\\\/\\\/lavozdeibiza.com\\\/en\\\/#site-navigation\",\"cssSelector\":[\".cib-main-menu\"]},{\"@type\":\"WPHeader\",\"@id\":\"https:\\\/\\\/lavozdeibiza.com\\\/en\\\/#header\",\"cssSelector\":[\".cib-header\"]},{\"@type\":\"WPFooter\",\"@id\":\"https:\\\/\\\/lavozdeibiza.com\\\/en\\\/#footer\",\"cssSelector\":[\".cib-footer\"]}]}<\/script>\n<!-- \/ Yoast SEO plugin. -->","yoast_head_json":{"title":"New Year's Eve music by candlelight with Eivissa Daurada - La Voz De Ibiza","robots":{"index":"index","follow":"follow","max-snippet":"max-snippet:-1","max-image-preview":"max-image-preview:large","max-video-preview":"max-video-preview:-1"},"canonical":"https:\/\/lavozdeibiza.com\/en\/event\/new-years-eve-music-by-candlelight-with-eivissa-daurada\/","og_locale":"en_US","og_type":"article","og_title":"New Year's Eve music by candlelight with Eivissa Daurada - La Voz De Ibiza","og_description":"Date: Friday, January 2, 2026 Time: 20:00 hours Venue: Cine Regio, San Antonio Eivissa Daurada Concerts offers a very special musical experience to start the year with an intimate and [&hellip;]","og_url":"https:\/\/lavozdeibiza.com\/en\/event\/new-years-eve-music-by-candlelight-with-eivissa-daurada\/","og_site_name":"La Voz De Ibiza","og_image":[{"width":1280,"height":854,"url":"https:\/\/lavozdeibiza.com\/wp-content\/uploads\/2025\/12\/ed.jpg","type":"image\/jpeg"}],"twitter_card":"summary_large_image","twitter_site":"@vozdeibiza","twitter_misc":{"Est. reading time":"1 minute"},"schema":{"@context":"https:\/\/schema.org","@graph":[{"@type":"WebPage","@id":"https:\/\/lavozdeibiza.com\/en\/event\/new-years-eve-music-by-candlelight-with-eivissa-daurada\/","url":"https:\/\/lavozdeibiza.com\/en\/event\/new-years-eve-music-by-candlelight-with-eivissa-daurada\/","name":"New Year's Eve music by candlelight with Eivissa Daurada - La Voz De Ibiza","isPartOf":{"@id":"https:\/\/lavozdeibiza.com\/en\/#website"},"primaryImageOfPage":{"@id":"https:\/\/lavozdeibiza.com\/en\/event\/new-years-eve-music-by-candlelight-with-eivissa-daurada\/#primaryimage"},"image":{"@id":"https:\/\/lavozdeibiza.com\/en\/event\/new-years-eve-music-by-candlelight-with-eivissa-daurada\/#primaryimage"},"thumbnailUrl":"https:\/\/lavozdeibiza.com\/wp-content\/uploads\/2025\/12\/ed.jpg","datePublished":"2025-12-18T17:28:23+00:00","breadcrumb":{"@id":"https:\/\/lavozdeibiza.com\/en\/event\/new-years-eve-music-by-candlelight-with-eivissa-daurada\/#breadcrumb"},"inLanguage":"en-US","potentialAction":[{"@type":"ReadAction","target":["https:\/\/lavozdeibiza.com\/en\/event\/new-years-eve-music-by-candlelight-with-eivissa-daurada\/"]}]},{"@type":"ImageObject","inLanguage":"en-US","@id":"https:\/\/lavozdeibiza.com\/en\/event\/new-years-eve-music-by-candlelight-with-eivissa-daurada\/#primaryimage","url":"https:\/\/lavozdeibiza.com\/wp-content\/uploads\/2025\/12\/ed.jpg","contentUrl":"https:\/\/lavozdeibiza.com\/wp-content\/uploads\/2025\/12\/ed.jpg","width":1280,"height":854},{"@type":"BreadcrumbList","@id":"https:\/\/lavozdeibiza.com\/en\/event\/new-years-eve-music-by-candlelight-with-eivissa-daurada\/#breadcrumb","itemListElement":[{"@type":"ListItem","position":1,"name":"Portada","item":"https:\/\/lavozdeibiza.com\/en\/"},{"@type":"ListItem","position":2,"name":"Events","item":"https:\/\/lavozdeibiza.com\/en\/events\/"},{"@type":"ListItem","position":3,"name":"New Year&#8217;s Eve music by candlelight with Eivissa Daurada"}]},{"@type":"WebSite","@id":"https:\/\/lavozdeibiza.com\/en\/#website","url":"https:\/\/lavozdeibiza.com\/en\/","name":"La Voz de Ibiza","description":"Diario de informaci\u00f3n actualidad y noticias de Ibiza. Todas las noticias de los municipios de Ibiza","publisher":{"@id":"https:\/\/lavozdeibiza.com\/en\/#organization"},"potentialAction":[{"@type":"SearchAction","target":{"@type":"EntryPoint","urlTemplate":"https:\/\/lavozdeibiza.com\/en\/?s={search_term_string}"},"query-input":{"@type":"PropertyValueSpecification","valueRequired":true,"valueName":"search_term_string"}}],"inLanguage":"en-US"},{"@type":["Organization","NewsMediaOrganization"],"@id":"https:\/\/lavozdeibiza.com\/en\/#organization","name":"La Voz de Ibiza","url":"https:\/\/lavozdeibiza.com\/en\/","logo":{"@type":"ImageObject","inLanguage":"en-US","@id":"https:\/\/lavozdeibiza.com\/en\/#\/schema\/logo\/image\/","url":"https:\/\/lavozdeibiza.com\/wp-content\/uploads\/2023\/10\/logo-lvib-grande.jpg","contentUrl":"https:\/\/lavozdeibiza.com\/wp-content\/uploads\/2023\/10\/logo-lvib-grande.jpg","width":1500,"height":1000,"caption":"La Voz de Ibiza"},"image":{"@id":"https:\/\/lavozdeibiza.com\/en\/#\/schema\/logo\/image\/"},"sameAs":["https:\/\/x.com\/vozdeibiza","https:\/\/www.instagram.com\/lavozibiza\/"]},{"@type":"SiteNavigationElement","@id":"https:\/\/lavozdeibiza.com\/en\/#site-navigation","cssSelector":[".cib-main-menu"]},{"@type":"WPHeader","@id":"https:\/\/lavozdeibiza.com\/en\/#header","cssSelector":[".cib-header"]},{"@type":"WPFooter","@id":"https:\/\/lavozdeibiza.com\/en\/#footer","cssSelector":[".cib-footer"]}]}},"_links":{"self":[{"href":"https:\/\/lavozdeibiza.com\/en\/wp-json\/wp\/v2\/tribe_events\/145801","targetHints":{"allow":["GET"]}}],"collection":[{"href":"https:\/\/lavozdeibiza.com\/en\/wp-json\/wp\/v2\/tribe_events"}],"about":[{"href":"https:\/\/lavozdeibiza.com\/en\/wp-json\/wp\/v2\/types\/tribe_events"}],"author":[{"embeddable":true,"href":"https:\/\/lavozdeibiza.com\/en\/wp-json\/wp\/v2\/users\/3"}],"version-history":[{"count":0,"href":"https:\/\/lavozdeibiza.com\/en\/wp-json\/wp\/v2\/tribe_events\/145801\/revisions"}],"wp:featuredmedia":[{"embeddable":true,"href":"https:\/\/lavozdeibiza.com\/en\/wp-json\/wp\/v2\/media\/145798"}],"wp:attachment":[{"href":"https:\/\/lavozdeibiza.com\/en\/wp-json\/wp\/v2\/media?parent=145801"}],"wp:term":[{"taxonomy":"post_tag","embeddable":true,"href":"https:\/\/lavozdeibiza.com\/en\/wp-json\/wp\/v2\/tags?post=145801"},{"taxonomy":"tribe_events_cat","embeddable":true,"href":"https:\/\/lavozdeibiza.com\/en\/wp-json\/wp\/v2\/tribe_events_cat?post=145801"}],"curies":[{"name":"wp","href":"https:\/\/api.w.org\/{rel}","templated":true}]}}